{"id":619,"date":"2012-09-17T20:17:35","date_gmt":"2012-09-17T20:17:35","guid":{"rendered":"http:\/\/alexandrewack.fr\/?page_id=619"},"modified":"2012-12-10T10:55:37","modified_gmt":"2012-12-10T10:55:37","slug":"garde-de-rapiere","status":"publish","type":"page","link":"http:\/\/alexandrewack.fr\/?page_id=619","title":{"rendered":"Garde de Rapi\u00e8re"},"content":{"rendered":"<h2>Histoire<\/h2>\n<p>C&rsquo;est une arme tr\u00e8s courante entre la fin du\u00a0xv<sup>e<\/sup>\u00a0et la fin du\u00a0xvii<sup>e<\/sup>\u00a0si\u00e8cle. Pour mieux situer dans le temps et comprendre l&rsquo;apparition de la rapi\u00e8re, il convient de se pencher un peu sur son \u00ab\u00a0anc\u00eatre\u00a0\u00bb: l&rsquo;\u00e9p\u00e9e de taille et d&rsquo;estoc. Elle apparait tout d&rsquo;abord, dans sa forme la plus basique, en Espagne dans la seconde moiti\u00e9 du\u00a0xv<sup>e<\/sup>\u00a0si\u00e8cle\u00a0sous le nom de\u00a0<em>espada ropera<\/em>\u00a0, et consiste en une \u00e9p\u00e9e \u00e0 la lame plus l\u00e9g\u00e8re, et \u00e0 la garde plus \u00e9labor\u00e9e et plus orn\u00e9e, qui peut donc se porter \u00e0 la cour. Autour de cette arme les Espagnols d\u00e9veloppent un syst\u00e8me de combat tr\u00e8s efficace bas\u00e9 sur des cercles, une vision de l&rsquo;espace et des attaques en pointe tr\u00e8s \u00ab\u00a0math\u00e9matiques\u00a0\u00bb, techniques longtemps tenues secr\u00e8tes&#8230;<\/p>\n<p>&nbsp;<\/p>\n<p>La\u00a0<strong>rapi\u00e8re<\/strong>\u00a0(de l&rsquo;espagnol espada ropera: litt\u00e9ralement \u00e9p\u00e9e \u00e0 v\u00eatement, \u00e9p\u00e9e que l&rsquo;on porte en habits de ville) \u00e9tait une\u00a0\u00e9p\u00e9e\u00a0longue et fine, \u00e0 la garde \u00e9labor\u00e9e, \u00e0 la lame flexible, destin\u00e9e essentiellement aux coups d&rsquo;estoc. La rapi\u00e8re, m\u00eame si elle n&rsquo;est pas faite pour trancher un homme en deux, est aff\u00fbt\u00e9e, et peut causer de s\u00e9rieuses entailles si un coup \u00e0 la vol\u00e9e atteint l&rsquo;adversaire. Seules les \u00e9p\u00e9es de cour (et certaines grandes \u00e9p\u00e9es de guerre du XVe ou XVIe si\u00e8cle) ont des lames uniquement destin\u00e9es \u00e0 l&rsquo;estoc, lames qui sont d&rsquo;ailleurs de section ronde, carr\u00e9e, triangulaire ou de toute autre forme qui la prive de tranchant.<\/p>\n<div id=\"attachment_621\" style=\"width: 209px\" class=\"wp-caption aligncenter\"><a href=\"http:\/\/alexandrewack.fr\/wp-content\/uploads\/2012\/09\/rapi\u00e9re1.png\"><img loading=\"lazy\" decoding=\"async\" aria-describedby=\"caption-attachment-621\" class=\"size-medium wp-image-621   \" title=\"Garde de rapi\u00e8re\" src=\"http:\/\/alexandrewack.fr\/wp-content\/uploads\/2012\/09\/rapi\u00e9re1-199x300.png\" alt=\"Garde de rapi\u00e8re\" width=\"199\" height=\"300\" srcset=\"http:\/\/alexandrewack.fr\/wp-content\/uploads\/2012\/09\/rapi\u00e9re1-199x300.png 199w, http:\/\/alexandrewack.fr\/wp-content\/uploads\/2012\/09\/rapi\u00e9re1-681x1024.png 681w, http:\/\/alexandrewack.fr\/wp-content\/uploads\/2012\/09\/rapi\u00e9re1.png 1528w\" sizes=\"auto, (max-width: 199px) 100vw, 199px\" \/><\/a><p id=\"caption-attachment-621\" class=\"wp-caption-text\">Garde rapi\u00e8re Aw<\/p><\/div>\n<h3>Construction<\/h3>\n<p>Les lames sont forg\u00e9es \u00e0\u00a0Tol\u00e8de\u00a0et \u00e0\u00a0Solingen, le fort de la lame ouvrag\u00e9 ou non par une ou des feuillures qui renforcent la rigidit\u00e9.<\/p>\n<p>Les\u00a0gardes\u00a0sont \u00e9labor\u00e9es par les\u00a0armuriers\u00a0locaux. Deux genres, le filiforme et la coupe, l&rsquo;Italie et l&rsquo;Espagne.<\/p>\n<p>Les courbes et les volutes des gardes filiformes italiennes (en squelette) tiennent de la puissante envol\u00e9e\u00a0lyrique\u00a0issue du\u00a0baroque\u00a0\u00e9mergeant, multipliant les anneaux \u00e0 partir duricasso. Les branches se rejoignent autour du\u00a0quillon\u00a0pour s&rsquo;\u00e9chapper \u00e0 nouveau avant d&rsquo;aboutir au pommeau en haut de la garde. Cette rare \u00e9l\u00e9gance laisse toutefois des jours o\u00f9 se glisserait facilement une lame blessant la main. La r\u00e9ponse espagnole classique est la garde en\u00a0<em>Taza<\/em>, coupe h\u00e9misph\u00e9rique, qui pr\u00e9figure les gardes d&rsquo;\u00e9p\u00e9e sportive actuelles. Solution interm\u00e9diaire provenant d&rsquo;Europe du Nord, les espaces entre les anneaux sont garnis de plaques, perc\u00e9es de losanges, tr\u00e8fles pour la garde\u00a0<em>Pappenheimer<\/em>. Les \u00e9coles fran\u00e7aises et anglaises multiplient les anneaux \u00e0 partir du\u00a0ricasso.<\/p>\n<p>L&rsquo;ultime \u00e9volution de la rapi\u00e8re en fait une \u00e9p\u00e9e de\u00a0duel, parfaite quand elle est oppos\u00e9e \u00e0 une autre rapi\u00e8re. On raccourcit progressivement le\u00a0ricasso\u00a0et la garde en coquille est nettement plus petite que sa devanci\u00e8re espagnole, en taza. De plus, on d\u00e9laisse les trop lourdes lames de section losangique pour les nouvelles lames fran\u00e7aises de section triangulaire, commun\u00e9ment appel\u00e9es\u00a0<em>mousquetaires<\/em>. Mais ces lame de 110cm sont encore un peu longue pour le corps \u00e0 corps des\u00a0batailles. Pour optimiser la vitesse de la pointe, on a all\u00e9g\u00e9 l&rsquo;ensemble jusqu&rsquo;\u00e0 une largeur \u00e0 la garde de 19mm et une \u00e9paisseur de 6mm, mais elle ne peut r\u00e9sister aux coups de taille des \u00e9p\u00e9es de cavalerie beaucoup moins \u00e9lanc\u00e9es.<\/p>\n<p>En Espagne, dans sa forme taza, elle persiste jusqu&rsquo;au\u00a0xviii<sup>e<\/sup>\u00a0si\u00e8cle\u00a0pour la cour et jusqu&rsquo;au\u00a0xix<sup>e<\/sup>\u00a0dans les \u00e9coles d&rsquo;escrime. Dans le reste de l&rsquo;Europe, on adopte l&rsquo;\u00e9p\u00e9e de cour, (issue de la rapi\u00e8re fran\u00e7aise all\u00e9g\u00e9e \u00e9voqu\u00e9e quelques lignes plus haut) \u00e0 la garde plus simple et \u00e0 la lame courte, 90cm, parfois de section triangulaire.<\/p>\n<h3><span style=\"text-decoration: underline;\">\u00a0R\u00e9alisation n\u00b02:<\/span><\/h3>\n<p>Modification d&rsquo;une Garde de\u00a0rapi\u00e8re\u00a0simple par mes soins, dans le but d&rsquo;\u00eatre utilis\u00e9e en escrime.<\/p>\n<p><a href=\"http:\/\/alexandrewack.fr\/wp-content\/uploads\/2012\/09\/Garde1web.jpg\"><img loading=\"lazy\" decoding=\"async\" class=\"size-medium wp-image-693 alignleft\" title=\"Garde1web\" src=\"http:\/\/alexandrewack.fr\/wp-content\/uploads\/2012\/09\/Garde1web-300x199.jpg\" alt=\"\" width=\"300\" height=\"199\" srcset=\"http:\/\/alexandrewack.fr\/wp-content\/uploads\/2012\/09\/Garde1web-300x199.jpg 300w, http:\/\/alexandrewack.fr\/wp-content\/uploads\/2012\/09\/Garde1web-1024x681.jpg 1024w\" sizes=\"auto, (max-width: 300px) 100vw, 300px\" \/><\/a><\/p>\n<p><a href=\"http:\/\/alexandrewack.fr\/wp-content\/uploads\/2012\/09\/Garde2web.jpg\"><img loading=\"lazy\" decoding=\"async\" class=\"aligncenter size-medium wp-image-694\" title=\"Garde2web\" src=\"http:\/\/alexandrewack.fr\/wp-content\/uploads\/2012\/09\/Garde2web-300x199.jpg\" alt=\"\" width=\"300\" height=\"199\" srcset=\"http:\/\/alexandrewack.fr\/wp-content\/uploads\/2012\/09\/Garde2web-300x199.jpg 300w, http:\/\/alexandrewack.fr\/wp-content\/uploads\/2012\/09\/Garde2web-1024x681.jpg 1024w\" sizes=\"auto, (max-width: 300px) 100vw, 300px\" \/><\/a><\/p>\n","protected":false},"excerpt":{"rendered":"<p>Histoire C&rsquo;est une arme tr\u00e8s courante entre la fin du\u00a0xve\u00a0et la fin du\u00a0xviie\u00a0si\u00e8cle. Pour mieux situer dans le temps et comprendre l&rsquo;apparition de la rapi\u00e8re, il convient de se pencher un peu sur son \u00ab\u00a0anc\u00eatre\u00a0\u00bb: l&rsquo;\u00e9p\u00e9e de taille et d&rsquo;estoc. Elle apparait tout d&rsquo;abord, dans sa forme la plus basique, en Espagne dans la seconde [&hellip;]<\/p>\n","protected":false},"author":1,"featured_media":0,"parent":173,"menu_order":1,"comment_status":"open","ping_status":"open","template":"","meta":{"footnotes":""},"class_list":["post-619","page","type-page","status-publish","hentry"],"_links":{"self":[{"href":"http:\/\/alexandrewack.fr\/index.php?rest_route=\/wp\/v2\/pages\/619","targetHints":{"allow":["GET"]}}],"collection":[{"href":"http:\/\/alexandrewack.fr\/index.php?rest_route=\/wp\/v2\/pages"}],"about":[{"href":"http:\/\/alexandrewack.fr\/index.php?rest_route=\/wp\/v2\/types\/page"}],"author":[{"embeddable":true,"href":"http:\/\/alexandrewack.fr\/index.php?rest_route=\/wp\/v2\/users\/1"}],"replies":[{"embeddable":true,"href":"http:\/\/alexandrewack.fr\/index.php?rest_route=%2Fwp%2Fv2%2Fcomments&post=619"}],"version-history":[{"count":10,"href":"http:\/\/alexandrewack.fr\/index.php?rest_route=\/wp\/v2\/pages\/619\/revisions"}],"predecessor-version":[{"id":624,"href":"http:\/\/alexandrewack.fr\/index.php?rest_route=\/wp\/v2\/pages\/619\/revisions\/624"}],"up":[{"embeddable":true,"href":"http:\/\/alexandrewack.fr\/index.php?rest_route=\/wp\/v2\/pages\/173"}],"wp:attachment":[{"href":"http:\/\/alexandrewack.fr\/index.php?rest_route=%2Fwp%2Fv2%2Fmedia&parent=619"}],"curies":[{"name":"wp","href":"https:\/\/api.w.org\/{rel}","templated":true}]}}